{"version":"1.0","provider_name":"INTER PRESS SERVICE","provider_url":"http:\/\/ipsnews.net\/suomi","author_name":"Ashfaq Yusufzai","author_url":"http:\/\/ipsnews.net\/suomi\/author\/ashfaq-yusufzai\/","title":"Pakistanin \u00e4\u00e4nest\u00e4j\u00e4t torjuivat \u00e4\u00e4riainekset - INTER PRESS SERVICE","type":"rich","width":600,"height":338,"html":"<blockquote class=\"wp-embedded-content\" data-secret=\"UiGDsSsGHT\"><a href=\"http:\/\/ipsnews.net\/suomi\/2018\/08\/06\/pakistanin-aanestajat-torjuivat-aariainekset\/\">Pakistanin \u00e4\u00e4nest\u00e4j\u00e4t torjuivat \u00e4\u00e4riainekset<\/a><\/blockquote><iframe sandbox=\"allow-scripts\" security=\"restricted\" src=\"http:\/\/ipsnews.net\/suomi\/2018\/08\/06\/pakistanin-aanestajat-torjuivat-aariainekset\/embed\/#?secret=UiGDsSsGHT\" width=\"600\" height=\"338\" title=\"&#8220;Pakistanin \u00e4\u00e4nest\u00e4j\u00e4t torjuivat \u00e4\u00e4riainekset&#8221; &#8212; INTER PRESS SERVICE\" data-secret=\"UiGDsSsGHT\" frameborder=\"0\" marginwidth=\"0\" marginheight=\"0\" scrolling=\"no\" class=\"wp-embedded-content\"><\/iframe><script>\n\/*! This file is auto-generated *\/\n!function(d,l){\"use strict\";l.querySelector&&d.addEventListener&&\"undefined\"!=typeof URL&&(d.wp=d.wp||{},d.wp.receiveEmbedMessage||(d.wp.receiveEmbedMessage=function(e){var t=e.data;if((t||t.secret||t.message||t.value)&&!\/[^a-zA-Z0-9]\/.test(t.secret)){for(var s,r,n,a=l.querySelectorAll('iframe[data-secret=\"'+t.secret+'\"]'),o=l.querySelectorAll('blockquote[data-secret=\"'+t.secret+'\"]'),c=new RegExp(\"^https?:$\",\"i\"),i=0;i<o.length;i++)o[i].style.display=\"none\";for(i=0;i<a.length;i++)s=a[i],e.source===s.contentWindow&&(s.removeAttribute(\"style\"),\"height\"===t.message?(1e3<(r=parseInt(t.value,10))?r=1e3:~~r<200&&(r=200),s.height=r):\"link\"===t.message&&(r=new URL(s.getAttribute(\"src\")),n=new URL(t.value),c.test(n.protocol))&&n.host===r.host&&l.activeElement===s&&(d.top.location.href=t.value))}},d.addEventListener(\"message\",d.wp.receiveEmbedMessage,!1),l.addEventListener(\"DOMContentLoaded\",function(){for(var e,t,s=l.querySelectorAll(\"iframe.wp-embedded-content\"),r=0;r<s.length;r++)(t=(e=s[r]).getAttribute(\"data-secret\"))||(t=Math.random().toString(36).substring(2,12),e.src+=\"#?secret=\"+t,e.setAttribute(\"data-secret\",t)),e.contentWindow.postMessage({message:\"ready\",secret:t},\"*\")},!1)))}(window,document);\n\/\/# sourceURL=http:\/\/ipsnews.net\/suomi\/wp-includes\/js\/wp-embed.min.js\n<\/script>\n","thumbnail_url":"http:\/\/ipsnews.net\/suomi\/wp-content\/uploads\/2018\/08\/2018323-Pakistanin-vaalit.jpg","thumbnail_width":1024,"thumbnail_height":768,"description":"Peshawar, Pakistan 06.08.18 (IPS) Pakistanilaiset \u00e4\u00e4nest\u00e4j\u00e4t hylk\u00e4siv\u00e4t poliittiset puolueet ja ehdokkaat, joilla on yhteyksi\u00e4 kiellettyihin terrorij\u00e4rjest\u00f6ihin. Hein\u00e4kuun 25. p\u00e4iv\u00e4n vaaleissa kansa antoi jihadistien sijaan tukensa vapaamielisille voimille ja rauhalle, jotka henkil\u00f6ityiv\u00e4t kriketinpelaajana mainetta hankkineeseen Imran Khaniin."}