{"version":"1.0","provider_name":"IPS Fran\u00e7ais","provider_url":"http:\/\/ipsnews.net\/francais","author_name":"Analyse de Julio Godoy","author_url":"http:\/\/ipsnews.net\/francais\/author\/analyse-de-julio-godoy\/","title":"MAGHREB: Les r\u00eaves d&#39;une &#39;utopie verte&#39; s\u2019\u00e9vaporent - IPS Fran\u00e7ais","type":"rich","width":600,"height":338,"html":"<blockquote class=\"wp-embedded-content\" data-secret=\"yW8s8m5Y86\"><a href=\"http:\/\/ipsnews.net\/francais\/2012\/12\/19\/maghreb-les-reves-dune-utopie-verte-sevaporent\/\">MAGHREB: Les r\u00eaves d&#39;une &#39;utopie verte&#39; s\u2019\u00e9vaporent<\/a><\/blockquote><iframe sandbox=\"allow-scripts\" security=\"restricted\" src=\"http:\/\/ipsnews.net\/francais\/2012\/12\/19\/maghreb-les-reves-dune-utopie-verte-sevaporent\/embed\/#?secret=yW8s8m5Y86\" width=\"600\" height=\"338\" title=\"&#8220;MAGHREB: Les r\u00eaves d&#039;une &#039;utopie verte&#039; s\u2019\u00e9vaporent&#8221; &#8212; IPS Fran\u00e7ais\" data-secret=\"yW8s8m5Y86\" frameborder=\"0\" marginwidth=\"0\" marginheight=\"0\" scrolling=\"no\" class=\"wp-embedded-content\"><\/iframe><script type=\"text\/javascript\">\n\/* <![CDATA[ *\/\n\/*! This file is auto-generated *\/\n!function(d,l){\"use strict\";l.querySelector&&d.addEventListener&&\"undefined\"!=typeof URL&&(d.wp=d.wp||{},d.wp.receiveEmbedMessage||(d.wp.receiveEmbedMessage=function(e){var t=e.data;if((t||t.secret||t.message||t.value)&&!\/[^a-zA-Z0-9]\/.test(t.secret)){for(var s,r,n,a=l.querySelectorAll('iframe[data-secret=\"'+t.secret+'\"]'),o=l.querySelectorAll('blockquote[data-secret=\"'+t.secret+'\"]'),c=new RegExp(\"^https?:$\",\"i\"),i=0;i<o.length;i++)o[i].style.display=\"none\";for(i=0;i<a.length;i++)s=a[i],e.source===s.contentWindow&&(s.removeAttribute(\"style\"),\"height\"===t.message?(1e3<(r=parseInt(t.value,10))?r=1e3:~~r<200&&(r=200),s.height=r):\"link\"===t.message&&(r=new URL(s.getAttribute(\"src\")),n=new URL(t.value),c.test(n.protocol))&&n.host===r.host&&l.activeElement===s&&(d.top.location.href=t.value))}},d.addEventListener(\"message\",d.wp.receiveEmbedMessage,!1),l.addEventListener(\"DOMContentLoaded\",function(){for(var e,t,s=l.querySelectorAll(\"iframe.wp-embedded-content\"),r=0;r<s.length;r++)(t=(e=s[r]).getAttribute(\"data-secret\"))||(t=Math.random().toString(36).substring(2,12),e.src+=\"#?secret=\"+t,e.setAttribute(\"data-secret\",t)),e.contentWindow.postMessage({message:\"ready\",secret:t},\"*\")},!1)))}(window,document);\n\/* ]]> *\/\n<\/script>\n","description":"BERLIN, 19 d\u00e9c (IPS) &#8211; Lorsque l\u2019Initiative industrielle Desertec (DII), une alliance de 21 grandes entreprises europ\u00e9ennes, avait d\u2019abord envisag\u00e9 d\u2019installer un r\u00e9seau de centrales solaires thermiques, photovolta\u00efques et \u00e9oliennes dans la r\u00e9gion du Maghreb, en Afrique du nord pour&hellip; Continue Reading &rarr;"}